{"id":3405,"date":"2024-07-11T17:17:06","date_gmt":"2024-07-11T17:17:06","guid":{"rendered":"https:\/\/redinpadeso.org\/?page_id=3405"},"modified":"2025-12-02T16:16:19","modified_gmt":"2025-12-02T16:16:19","slug":"actividades","status":"publish","type":"page","link":"https:\/\/redinpadeso.org\/index.php\/actividades\/","title":{"rendered":"Actividades"},"content":{"rendered":"\n<div  class=\"tribe-compatibility-container\" >\n\t<div\n\t\t class=\"tribe-common tribe-events tribe-events-view tribe-events-view--widget-events-list tribe-events-widget\" \t\tdata-js=\"tribe-events-view\"\n\t\tdata-view-rest-url=\"https:\/\/redinpadeso.org\/index.php\/wp-json\/tribe\/views\/v2\/html\"\n\t\tdata-view-manage-url=\"1\"\n\t\t\t\t\t\t\tdata-view-breakpoint-pointer=\"f6745024-3fec-4ba3-9da0-6fd7dc17955f\"\n\t\t\t>\n\t\t<div class=\"tribe-events-widget-events-list\">\n\n\t\t\t\n\t\t\t<script data-js=\"tribe-events-view-data\" type=\"application\/json\">\n\t{\"slug\":\"widget-events-list\",\"prev_url\":\"\",\"next_url\":\"\",\"view_class\":\"Tribe\\\\Events\\\\Views\\\\V2\\\\Views\\\\Widgets\\\\Widget_List_View\",\"view_slug\":\"widget-events-list\",\"view_label\":\"View\",\"view\":null,\"should_manage_url\":true,\"id\":null,\"alias-slugs\":null,\"title\":\"Pr\\u00f3ximos Eventos \\u2013 Fundaci\\u00f3n Internacional por la paz\",\"limit\":\"5\",\"no_upcoming_events\":false,\"featured_events_only\":false,\"jsonld_enable\":true,\"tribe_is_list_widget\":false,\"admin_fields\":{\"title\":{\"label\":\"T\\u00edtulo:\",\"type\":\"text\",\"classes\":\"\",\"dependency\":\"\",\"id\":\"widget-tribe-widget-events-list--1-title\",\"name\":\"widget-tribe-widget-events-list[-1][title]\",\"options\":[],\"placeholder\":\"\",\"value\":null},\"limit\":{\"label\":\"Mostrar:\",\"type\":\"number\",\"default\":5,\"min\":1,\"max\":10,\"step\":1,\"classes\":\"\",\"dependency\":\"\",\"id\":\"widget-tribe-widget-events-list--1-limit\",\"name\":\"widget-tribe-widget-events-list[-1][limit]\",\"options\":[],\"placeholder\":\"\",\"value\":null},\"no_upcoming_events\":{\"label\":\"Ocultar este widget si no hay pr\\u00f3ximos eventos.\",\"type\":\"checkbox\",\"classes\":\"\",\"dependency\":\"\",\"id\":\"widget-tribe-widget-events-list--1-no_upcoming_events\",\"name\":\"widget-tribe-widget-events-list[-1][no_upcoming_events]\",\"options\":[],\"placeholder\":\"\",\"value\":null},\"featured_events_only\":{\"label\":\"Limitar a solo eventos destacados\",\"type\":\"checkbox\",\"classes\":\"\",\"dependency\":\"\",\"id\":\"widget-tribe-widget-events-list--1-featured_events_only\",\"name\":\"widget-tribe-widget-events-list[-1][featured_events_only]\",\"options\":[],\"placeholder\":\"\",\"value\":null},\"jsonld_enable\":{\"label\":\"Generar datos JSON-LD\",\"type\":\"checkbox\",\"classes\":\"\",\"dependency\":\"\",\"id\":\"widget-tribe-widget-events-list--1-jsonld_enable\",\"name\":\"widget-tribe-widget-events-list[-1][jsonld_enable]\",\"options\":[],\"placeholder\":\"\",\"value\":null}},\"events\":[],\"url\":\"https:\\\/\\\/redinpadeso.org\\\/?post_type=tribe_events&eventDisplay=widget-events-list\",\"url_event_date\":false,\"bar\":{\"keyword\":\"\",\"date\":\"\"},\"today\":\"2026-05-01 00:00:00\",\"now\":\"2026-05-01 03:01:37\",\"home_url\":\"https:\\\/\\\/redinpadeso.org\",\"rest_url\":\"https:\\\/\\\/redinpadeso.org\\\/index.php\\\/wp-json\\\/tribe\\\/views\\\/v2\\\/html\",\"rest_method\":\"GET\",\"rest_nonce\":\"\",\"today_url\":\"https:\\\/\\\/redinpadeso.org\\\/?post_type=tribe_events&eventDisplay=widget-events-list&rest_route=%2Fwp%2Fv2%2Fpages%2F3405\",\"today_title\":\"Click to select today's date\",\"today_label\":\"Hoy\",\"prev_label\":\"\",\"next_label\":\"\",\"date_formats\":{\"compact\":\"n\\\/j\\\/Y\",\"month_and_year_compact\":\"n\\\/Y\",\"month_and_year\":\"F Y\",\"time_range_separator\":\" - \",\"date_time_separator\":\" @ \"},\"messages\":{\"notice\":[\"No hay ning\\u00fan eventos pr\\u00f3ximo.\"]},\"start_of_week\":\"1\",\"header_title\":\"\",\"header_title_element\":\"h1\",\"content_title\":\"\",\"breadcrumbs\":[],\"before_events\":\"\",\"after_events\":\"\\n<!--\\nThis calendar is powered by The Events Calendar.\\nhttp:\\\/\\\/evnt.is\\\/18wn\\n-->\\n\",\"display_events_bar\":false,\"disable_event_search\":false,\"live_refresh\":true,\"ical\":{\"display_link\":true,\"link\":{\"url\":\"https:\\\/\\\/redinpadeso.org\\\/?post_type=tribe_events&#038;eventDisplay=widget-events-list&#038;ical=1\",\"text\":\"Exportar Eventos\",\"title\":\"Usa esto para compartir los datos del calendario con Google Calendar, Apple iCal y otras aplicaciones compatibles\"}},\"container_classes\":[\"tribe-common\",\"tribe-events\",\"tribe-events-view\",\"tribe-events-view--widget-events-list\",\"tribe-events-widget\"],\"container_data\":[],\"is_past\":false,\"breakpoints\":{\"xsmall\":500,\"medium\":768,\"full\":960},\"breakpoint_pointer\":\"f6745024-3fec-4ba3-9da0-6fd7dc17955f\",\"is_initial_load\":false,\"public_views\":{\"month\":{\"view_class\":\"Tribe\\\\Events\\\\Views\\\\V2\\\\Views\\\\Month_View\",\"view_url\":\"https:\\\/\\\/redinpadeso.org\\\/events\\\/mes\\\/\",\"view_label\":\"Mes\"},\"day\":{\"view_class\":\"Tribe\\\\Events\\\\Views\\\\V2\\\\Views\\\\Day_View\",\"view_url\":\"https:\\\/\\\/redinpadeso.org\\\/events\\\/hoy\\\/\",\"view_label\":\"D\\u00eda\"}},\"show_latest_past\":false,\"past\":false,\"compatibility_classes\":[\"tribe-compatibility-container\"],\"view_more_text\":\"Ver calendario\",\"view_more_title\":\"Ver m\\u00e1s eventos.\",\"view_more_link\":\"https:\\\/\\\/redinpadeso.org\\\/events\\\/\",\"widget_title\":\"Pr\\u00f3ximos eventos\",\"hide_if_no_upcoming_events\":false,\"display\":[],\"subscribe_links\":{\"gcal\":{\"label\":\"Google Calendar\",\"single_label\":\"A\\u00f1adir a Google Calendar\",\"visible\":true,\"block_slug\":\"hasGoogleCalendar\"},\"ical\":{\"label\":\"iCalendar\",\"single_label\":\"Add to iCalendar\",\"visible\":true,\"block_slug\":\"hasiCal\"},\"outlook-365\":{\"label\":\"Outlook 365\",\"single_label\":\"Outlook 365\",\"visible\":true,\"block_slug\":\"hasOutlook365\"},\"outlook-live\":{\"label\":\"Outlook Live\",\"single_label\":\"Outlook Live\",\"visible\":true,\"block_slug\":\"hasOutlookLive\"},\"ics\":{\"label\":\"Export .ics file\",\"single_label\":\"Export .ics file\",\"visible\":true,\"block_slug\":null},\"outlook-ics\":{\"label\":\"Export Outlook .ics file\",\"single_label\":\"Export Outlook .ics file\",\"visible\":true,\"block_slug\":null}},\"_context\":{\"slug\":\"widget-events-list\"}}<\/script>\n\n\t\t\t\t\t\t\t<header class=\"tribe-events-widget-events-list__header\">\n\t\t\t\t\t<h2 class=\"tribe-events-widget-events-list__header-title tribe-common-h6 tribe-common-h--alt\">\n\t\t\t\t\t\tPr\u00f3ximos eventos\t\t\t\t\t<\/h2>\n\t\t\t\t<\/header>\n\t\t\t\n\t\t\t\n\t\t\t\t<div  class=\"tribe-events-header__messages tribe-events-c-messages tribe-common-b2\"  >\n\t\t\t<div class=\"tribe-events-c-messages__message tribe-events-c-messages__message--notice\" role=\"alert\">\n\t\t\t<svg  class=\"tribe-common-c-svgicon tribe-common-c-svgicon--messages-not-found tribe-events-c-messages__message-icon-svg\"  viewBox=\"0 0 21 23\" xmlns=\"http:\/\/www.w3.org\/2000\/svg\"><g fill-rule=\"evenodd\"><path d=\"M.5 2.5h20v20H.5z\"\/><path stroke-linecap=\"round\" d=\"M7.583 11.583l5.834 5.834m0-5.834l-5.834 5.834\" class=\"tribe-common-c-svgicon__svg-stroke\"\/><path stroke-linecap=\"round\" d=\"M4.5.5v4m12-4v4\"\/><path stroke-linecap=\"square\" d=\"M.5 7.5h20\"\/><\/g><\/svg>\n\t\t\t<ul class=\"tribe-events-c-messages__message-list\" role=\"alert\" aria-live=\"polite\">\n\t\t\t\t\t\t\t\t\t<li\n\t\t\t\t\t\tclass=\"tribe-events-c-messages__message-list-item\"\n\t\t\t\t\t\t data-key=\"0\" \t\t\t\t\t>\n\t\t\t\t\tNo hay ning\u00fan eventos pr\u00f3ximo.\t\t\t\t\t<\/li>\n\t\t\t\t\t\t\t<\/ul>\n\t\t<\/div>\n\t<\/div>\n\n\t\t\t\t\t<\/div>\n\t<\/div>\n<\/div>\n<script data-js='tribe-events-view-nonce-data' type='application\/json'>{\"tvn1\":\"796e44ba53\",\"tvn2\":\"\"}<\/script>\n\n\n\n<div style=\"height:40px\" aria-hidden=\"true\" class=\"wp-block-spacer\"><\/div>\n\n\n\n<div class=\"wp-block-columns is-layout-flex wp-container-core-columns-is-layout-1 wp-block-columns-is-layout-flex\">\n<div class=\"wp-block-column is-layout-flow wp-block-column-is-layout-flow\">\n<p class=\"has-large-font-size\"><strong>EVENTOS VIRTUALES<\/strong><\/p>\n<\/div>\n<\/div>\n\n\n\n<p><strong>WEBINARS<\/strong><\/p>\n\n\n\n<div class=\"wp-block-columns is-layout-flex wp-container-core-columns-is-layout-2 wp-block-columns-is-layout-flex\">\n<div class=\"wp-block-column is-layout-flow wp-block-column-is-layout-flow\">\n<div class=\"wp-block-media-text is-stacked-on-mobile\"><figure class=\"wp-block-media-text__media\"><img loading=\"lazy\" decoding=\"async\" width=\"1024\" height=\"1024\" src=\"https:\/\/redinpadeso.org\/wp-content\/uploads\/2025\/07\/Post-webinar-31-de-Mayo-01-1024x1024.png\" alt=\"\" class=\"wp-image-5178 size-full\" srcset=\"https:\/\/redinpadeso.org\/wp-content\/uploads\/2025\/07\/Post-webinar-31-de-Mayo-01-1024x1024.png 1024w, https:\/\/redinpadeso.org\/wp-content\/uploads\/2025\/07\/Post-webinar-31-de-Mayo-01-300x300.png 300w, https:\/\/redinpadeso.org\/wp-content\/uploads\/2025\/07\/Post-webinar-31-de-Mayo-01-150x150.png 150w, https:\/\/redinpadeso.org\/wp-content\/uploads\/2025\/07\/Post-webinar-31-de-Mayo-01-768x768.png 768w, https:\/\/redinpadeso.org\/wp-content\/uploads\/2025\/07\/Post-webinar-31-de-Mayo-01-1536x1536.png 1536w, https:\/\/redinpadeso.org\/wp-content\/uploads\/2025\/07\/Post-webinar-31-de-Mayo-01.png 1670w\" sizes=\"(max-width: 1024px) 100vw, 1024px\" \/><\/figure><div class=\"wp-block-media-text__content\">\n<p><strong>WEBINAR<\/strong><\/p>\n\n\n\n<p>\"Di\u00e1logo sobre gastronom\u00eda entre M\u00e9xico y Marruecos. Sabores, aromas y cultura.\"<\/p>\n\n\n\n<p><strong>PARTICIPANTES <\/strong><\/p>\n\n\n\n<p>Dra. Gertrudis Guzm\u00e1n<\/p>\n\n\n\n<p>Dra. Amina El Mekaoui<\/p>\n\n\n\n<p><strong>FECHA<\/strong><\/p>\n\n\n\n<p>7 de junio de 2025<\/p>\n<\/div><\/div>\n\n\n\n<div class=\"wp-block-media-text is-stacked-on-mobile\"><figure class=\"wp-block-media-text__media\"><img loading=\"lazy\" decoding=\"async\" width=\"1024\" height=\"1024\" src=\"https:\/\/redinpadeso.org\/wp-content\/uploads\/2025\/07\/Post-webinar-JUNIO-01-1024x1024.png\" alt=\"\" class=\"wp-image-5177 size-full\" srcset=\"https:\/\/redinpadeso.org\/wp-content\/uploads\/2025\/07\/Post-webinar-JUNIO-01-1024x1024.png 1024w, https:\/\/redinpadeso.org\/wp-content\/uploads\/2025\/07\/Post-webinar-JUNIO-01-300x300.png 300w, https:\/\/redinpadeso.org\/wp-content\/uploads\/2025\/07\/Post-webinar-JUNIO-01-150x150.png 150w, https:\/\/redinpadeso.org\/wp-content\/uploads\/2025\/07\/Post-webinar-JUNIO-01-768x768.png 768w, https:\/\/redinpadeso.org\/wp-content\/uploads\/2025\/07\/Post-webinar-JUNIO-01-1536x1536.png 1536w, https:\/\/redinpadeso.org\/wp-content\/uploads\/2025\/07\/Post-webinar-JUNIO-01.png 1670w\" sizes=\"(max-width: 1024px) 100vw, 1024px\" \/><\/figure><div class=\"wp-block-media-text__content\">\n<p><strong>WEBINAR<\/strong><\/p>\n\n\n\n<p>Sesi\u00f3n de lectura sobre el libro<\/p>\n\n\n\n<p>\"El Sahara Marroqu\u00ed: Espacio y tiempo.\"<\/p>\n\n\n\n<p><strong>PARTICIPANTES <\/strong><\/p>\n\n\n\n<p>Dra. Gertrudis Guzm\u00e1n<\/p>\n\n\n\n<p>Dr. Mustapha Ouzir <\/p>\n\n\n\n<p>Dr, Marcelino Garc\u00eda<\/p>\n\n\n\n<p>Dr. Jos\u00e9 Israel Herrera<\/p>\n\n\n\n<p>Dr. Saif Ben Abdennour<\/p>\n\n\n\n<p>Dra. Amina El Mekaoui<\/p>\n\n\n\n<p><strong>FECHA<\/strong><\/p>\n\n\n\n<p>28 de junio de 2025<\/p>\n<\/div><\/div>\n\n\n\n<div class=\"wp-block-media-text is-stacked-on-mobile\"><figure class=\"wp-block-media-text__media\"><img loading=\"lazy\" decoding=\"async\" width=\"1024\" height=\"1024\" src=\"https:\/\/redinpadeso.org\/wp-content\/uploads\/2022\/09\/Post-webinar-Mayo-01-1024x1024.png\" alt=\"\" class=\"wp-image-4779 size-full\" srcset=\"https:\/\/redinpadeso.org\/wp-content\/uploads\/2022\/09\/Post-webinar-Mayo-01-1024x1024.png 1024w, https:\/\/redinpadeso.org\/wp-content\/uploads\/2022\/09\/Post-webinar-Mayo-01-300x300.png 300w, https:\/\/redinpadeso.org\/wp-content\/uploads\/2022\/09\/Post-webinar-Mayo-01-150x150.png 150w, https:\/\/redinpadeso.org\/wp-content\/uploads\/2022\/09\/Post-webinar-Mayo-01-768x768.png 768w, https:\/\/redinpadeso.org\/wp-content\/uploads\/2022\/09\/Post-webinar-Mayo-01-1536x1536.png 1536w, https:\/\/redinpadeso.org\/wp-content\/uploads\/2022\/09\/Post-webinar-Mayo-01.png 1670w\" sizes=\"(max-width: 1024px) 100vw, 1024px\" \/><\/figure><div class=\"wp-block-media-text__content\">\n<p><strong>WEBINAR<\/strong><\/p>\n\n\n\n<p>\"Autonom\u00eda, desarrollo sostenible y paz en el sur global: El Sahara Marroqu\u00ed como modelo de Desarrollo Social.\"<\/p>\n\n\n\n<p><strong>PARTICIPANTES <\/strong><\/p>\n\n\n\n<p>Dr. Andr\u00e9 Grimblatt<\/p>\n\n\n\n<p>Dr. Rafael Basulto<\/p>\n\n\n\n<p>Dr. Jos\u00e9 Israel Herrera<\/p>\n\n\n\n<p>Dr. Mustapha Ouzir <\/p>\n\n\n\n<p>Dra. Amina El Mekaoui<\/p>\n\n\n\n<p><strong>FECHA<\/strong><\/p>\n\n\n\n<p>3 de mayo de 2025<\/p>\n<\/div><\/div>\n\n\n\n<div class=\"wp-block-media-text is-stacked-on-mobile\"><figure class=\"wp-block-media-text__media\"><img loading=\"lazy\" decoding=\"async\" width=\"1024\" height=\"1024\" src=\"https:\/\/redinpadeso.org\/wp-content\/uploads\/2025\/04\/Post-webinar-1024x1024.jpg\" alt=\"\" class=\"wp-image-4529 size-full\" srcset=\"https:\/\/redinpadeso.org\/wp-content\/uploads\/2025\/04\/Post-webinar-1024x1024.jpg 1024w, https:\/\/redinpadeso.org\/wp-content\/uploads\/2025\/04\/Post-webinar-300x300.jpg 300w, https:\/\/redinpadeso.org\/wp-content\/uploads\/2025\/04\/Post-webinar-150x150.jpg 150w, https:\/\/redinpadeso.org\/wp-content\/uploads\/2025\/04\/Post-webinar-768x768.jpg 768w, https:\/\/redinpadeso.org\/wp-content\/uploads\/2025\/04\/Post-webinar-1536x1536.jpg 1536w, https:\/\/redinpadeso.org\/wp-content\/uploads\/2025\/04\/Post-webinar.jpg 1670w\" sizes=\"(max-width: 1024px) 100vw, 1024px\" \/><\/figure><div class=\"wp-block-media-text__content\">\n<p><strong>WEBINAR<\/strong><\/p>\n\n\n\n<p>\"Energ\u00edas sostenibles en el Sur Global. Oportunidades y desaf\u00edos para Marruecos y M\u00e9xico.\"<\/p>\n\n\n\n<p><strong>PARTICIPANTES <\/strong><\/p>\n\n\n\n<p>Dr. Pascual L\u00f3pez<\/p>\n\n\n\n<p>Mtra. Brillyth Zavala<\/p>\n\n\n\n<p>Dr. Liam Boussif<\/p>\n\n\n\n<p>Dr. Saif Ben Abdennour<\/p>\n\n\n\n<p>Dr. Israel Herrera<\/p>\n\n\n\n<p>Dra. Amina El Mekaoui<\/p>\n\n\n\n<p><strong>FECHA<\/strong><\/p>\n\n\n\n<p>7 de abril de 2025<\/p>\n<\/div><\/div>\n\n\n\n<div class=\"wp-block-media-text is-stacked-on-mobile\"><figure class=\"wp-block-media-text__media\"><img loading=\"lazy\" decoding=\"async\" width=\"791\" height=\"1024\" src=\"https:\/\/redinpadeso.org\/wp-content\/uploads\/2024\/08\/WhatsApp-Image-2024-07-24-at-14.54.25-791x1024.jpeg\" alt=\"\" class=\"wp-image-4277 size-full\" srcset=\"https:\/\/redinpadeso.org\/wp-content\/uploads\/2024\/08\/WhatsApp-Image-2024-07-24-at-14.54.25-791x1024.jpeg 791w, https:\/\/redinpadeso.org\/wp-content\/uploads\/2024\/08\/WhatsApp-Image-2024-07-24-at-14.54.25-232x300.jpeg 232w, https:\/\/redinpadeso.org\/wp-content\/uploads\/2024\/08\/WhatsApp-Image-2024-07-24-at-14.54.25-768x994.jpeg 768w, https:\/\/redinpadeso.org\/wp-content\/uploads\/2024\/08\/WhatsApp-Image-2024-07-24-at-14.54.25-1187x1536.jpeg 1187w, https:\/\/redinpadeso.org\/wp-content\/uploads\/2024\/08\/WhatsApp-Image-2024-07-24-at-14.54.25.jpeg 1236w\" sizes=\"(max-width: 791px) 100vw, 791px\" \/><\/figure><div class=\"wp-block-media-text__content\">\n<p><strong>WEBINAR<\/strong><\/p>\n\n\n\n<p>\"Debate de migraci\u00f3n, fronteras y desaf\u00edos globales Marruecos - M\u00e9xico. Di\u00e1logos sobre el sur global.\"<\/p>\n\n\n\n<p><strong>PARTICIPANTES <\/strong><\/p>\n\n\n\n<p>Dr. Jos\u00e9 Federico Besserer Alatorre<\/p>\n\n\n\n<p>Dr. Haytoumi Mohammed<\/p>\n\n\n\n<p>Dra. Luc\u00eda Cristina Ortiz<\/p>\n\n\n\n<p>Dr. Khalid Mouna<\/p>\n\n\n\n<p><strong>FECHA<\/strong><\/p>\n\n\n\n<p>31 de julio de 2024<\/p>\n<\/div><\/div>\n<\/div>\n<\/div>\n\n\n\n<div class=\"wp-block-columns is-layout-flex wp-container-core-columns-is-layout-3 wp-block-columns-is-layout-flex\">\n<div class=\"wp-block-column is-layout-flow wp-block-column-is-layout-flow\">\n<div class=\"wp-block-media-text is-stacked-on-mobile\"><figure class=\"wp-block-media-text__media\"><img loading=\"lazy\" decoding=\"async\" width=\"791\" height=\"1024\" src=\"https:\/\/redinpadeso.org\/wp-content\/uploads\/2024\/08\/WhatsApp-Image-2024-08-21-at-17.49.50-791x1024.jpeg\" alt=\"\" class=\"wp-image-4276 size-full\" srcset=\"https:\/\/redinpadeso.org\/wp-content\/uploads\/2024\/08\/WhatsApp-Image-2024-08-21-at-17.49.50-791x1024.jpeg 791w, https:\/\/redinpadeso.org\/wp-content\/uploads\/2024\/08\/WhatsApp-Image-2024-08-21-at-17.49.50-232x300.jpeg 232w, https:\/\/redinpadeso.org\/wp-content\/uploads\/2024\/08\/WhatsApp-Image-2024-08-21-at-17.49.50-768x994.jpeg 768w, https:\/\/redinpadeso.org\/wp-content\/uploads\/2024\/08\/WhatsApp-Image-2024-08-21-at-17.49.50-1187x1536.jpeg 1187w, https:\/\/redinpadeso.org\/wp-content\/uploads\/2024\/08\/WhatsApp-Image-2024-08-21-at-17.49.50.jpeg 1236w\" sizes=\"(max-width: 791px) 100vw, 791px\" \/><\/figure><div class=\"wp-block-media-text__content\">\n<p><strong>WEBINAR<\/strong><\/p>\n\n\n\n<p>\"Gesti\u00f3n eficiente del recurso h\u00eddrico entre Marruecos y M\u00e9xico: Un di\u00e1logo Sur-Sur para un intercambio de experiencias frente al cambio clim\u00e1tico.\"<\/p>\n\n\n\n<p><strong>PARTICIPANTES <\/strong><\/p>\n\n\n\n<p>Dr. Jorge Zegbe Dom\u00ednguez<\/p>\n\n\n\n<p>Dr. Moustafa Maelainin<\/p>\n\n\n\n<p>Dr. Miguel Serv\u00edn<\/p>\n\n\n\n<p>Ing. Youssef ElMoussaoui<\/p>\n\n\n\n<p>Dr. Jes\u00fas Barrera Rojas<\/p>\n\n\n\n<p>Dr. Mustafa Ouzir<\/p>\n\n\n\n<p><strong>FECHA<\/strong><\/p>\n\n\n\n<p>30 de agosto de 2024<\/p>\n<\/div><\/div>\n<\/div>\n<\/div>\n\n\n\n<div class=\"wp-block-columns is-layout-flex wp-container-core-columns-is-layout-4 wp-block-columns-is-layout-flex\">\n<div class=\"wp-block-column is-layout-flow wp-block-column-is-layout-flow\"><\/div>\n<\/div>\n\n\n\n<div class=\"wp-block-columns is-layout-flex wp-container-core-columns-is-layout-5 wp-block-columns-is-layout-flex\">\n<div class=\"wp-block-column is-layout-flow wp-block-column-is-layout-flow\"><\/div>\n<\/div>\n\n\n\n<div class=\"wp-block-columns is-layout-flex wp-container-core-columns-is-layout-6 wp-block-columns-is-layout-flex\">\n<div class=\"wp-block-column is-layout-flow wp-block-column-is-layout-flow\"><\/div>\n<\/div>\n\n\n\n<div class=\"wp-block-columns is-layout-flex wp-container-core-columns-is-layout-7 wp-block-columns-is-layout-flex\">\n<div class=\"wp-block-column is-layout-flow wp-block-column-is-layout-flow\"><\/div>\n<\/div>\n\n\n\n<div class=\"wp-block-group is-layout-constrained wp-block-group-is-layout-constrained\">\n<div class=\"wp-block-group is-layout-constrained wp-block-group-is-layout-constrained\">\n<div class=\"wp-block-media-text is-stacked-on-mobile\"><figure class=\"wp-block-media-text__media\"><\/figure><div class=\"wp-block-media-text__content\">\n<p><\/p>\n<\/div><\/div>\n<\/div>\n<\/div>\n\n\n\n<div class=\"wp-block-columns is-layout-flex wp-container-core-columns-is-layout-8 wp-block-columns-is-layout-flex\">\n<div class=\"wp-block-column is-layout-flow wp-block-column-is-layout-flow\">\n<p><strong>TALLERES VIRTUALES<\/strong><\/p>\n<\/div>\n<\/div>\n\n\n\n<div class=\"wp-block-columns is-layout-flex wp-container-core-columns-is-layout-9 wp-block-columns-is-layout-flex\">\n<div class=\"wp-block-column is-layout-flow wp-block-column-is-layout-flow\">\n<div class=\"wp-block-media-text is-stacked-on-mobile\"><figure class=\"wp-block-media-text__media\"><\/figure><div class=\"wp-block-media-text__content\">\n<p><\/p>\n<\/div><\/div>\n<\/div>\n<\/div>\n\n\n\n<div class=\"wp-block-columns is-layout-flex wp-container-core-columns-is-layout-10 wp-block-columns-is-layout-flex\">\n<div class=\"wp-block-column is-layout-flow wp-block-column-is-layout-flow\">\n<div style=\"height:42px\" aria-hidden=\"true\" class=\"wp-block-spacer\"><\/div>\n<\/div>\n<\/div>\n\n\n\n<div class=\"wp-block-group is-layout-constrained wp-block-group-is-layout-constrained\">\n<div class=\"wp-block-columns is-layout-flex wp-container-core-columns-is-layout-12 wp-block-columns-is-layout-flex\">\n<div class=\"wp-block-column is-layout-flow wp-block-column-is-layout-flow\">\n<div class=\"wp-block-columns is-layout-flex wp-container-core-columns-is-layout-11 wp-block-columns-is-layout-flex\">\n<div class=\"wp-block-column is-layout-flow wp-block-column-is-layout-flow\">\n<p class=\"has-large-font-size\"><strong>EVENTOS PRESENCIALES<\/strong><\/p>\n<\/div>\n<\/div>\n<\/div>\n<\/div>\n\n\n\n<div class=\"wp-block-group is-layout-constrained wp-block-group-is-layout-constrained\">\n<div class=\"wp-block-columns is-layout-flex wp-container-core-columns-is-layout-14 wp-block-columns-is-layout-flex\">\n<div class=\"wp-block-column is-layout-flow wp-block-column-is-layout-flow\">\n<div class=\"wp-block-columns is-layout-flex wp-container-core-columns-is-layout-13 wp-block-columns-is-layout-flex\">\n<div class=\"wp-block-column is-layout-flow wp-block-column-is-layout-flow\">\n<p><strong>CONGRESOS<\/strong><\/p>\n<\/div>\n<\/div>\n<\/div>\n<\/div>\n\n\n\n<div class=\"wp-block-group is-layout-constrained wp-block-group-is-layout-constrained\">\n<div class=\"wp-block-media-text is-stacked-on-mobile\" style=\"grid-template-columns:33% auto\"><figure class=\"wp-block-media-text__media\"><img loading=\"lazy\" decoding=\"async\" width=\"1024\" height=\"768\" src=\"https:\/\/redinpadeso.org\/wp-content\/uploads\/2025\/12\/WhatsApp-Image-2025-11-23-at-6.07.05-p.m.-6-1024x768.jpeg\" alt=\"\" class=\"wp-image-5375 size-full\" srcset=\"https:\/\/redinpadeso.org\/wp-content\/uploads\/2025\/12\/WhatsApp-Image-2025-11-23-at-6.07.05-p.m.-6-1024x768.jpeg 1024w, https:\/\/redinpadeso.org\/wp-content\/uploads\/2025\/12\/WhatsApp-Image-2025-11-23-at-6.07.05-p.m.-6-300x225.jpeg 300w, https:\/\/redinpadeso.org\/wp-content\/uploads\/2025\/12\/WhatsApp-Image-2025-11-23-at-6.07.05-p.m.-6-768x576.jpeg 768w, https:\/\/redinpadeso.org\/wp-content\/uploads\/2025\/12\/WhatsApp-Image-2025-11-23-at-6.07.05-p.m.-6.jpeg 1280w\" sizes=\"(max-width: 1024px) 100vw, 1024px\" \/><\/figure><div class=\"wp-block-media-text__content\">\n<p>Nayarit fue sede de una intensa agenda de trabajo internacional que fortaleci\u00f3 los v\u00ednculos entre M\u00e9xico y el Sahara Marroqu\u00ed, a trav\u00e9s de una misi\u00f3n acad\u00e9mica y territorial impulsada por la Fundaci\u00f3n Internacional por la Paz y el Desarrollo Sostenible, encabezada por la Dra. Amina El Mekaoui. La gira, enmarcada en el proyecto SECIHTI PEE G37-2025, busc\u00f3 consolidar un modelo de di\u00e1logo Sur\u2013Sur que articule experiencias del Sahara, la Pen\u00ednsula de Yucat\u00e1n y el Pac\u00edfico mexicano en materia de energ\u00eda comunitaria, turismo sostenible y desarrollo rural.<br><br>Si quieres saber m\u00e1s acerca del evento pueder consultarlo desde aqu\u00ed:<br><a href=\"https:\/\/opinionesajuicio.com\/marruecoscoloquio\/\" class=\"ek-link\">https:\/\/opinionesajuicio.com\/nayaritmarruecos\/<\/a><\/p>\n<\/div><\/div>\n<\/div>\n\n\n\n<div class=\"wp-block-columns is-layout-flex wp-container-core-columns-is-layout-15 wp-block-columns-is-layout-flex\">\n<div class=\"wp-block-column is-layout-flow wp-block-column-is-layout-flow\"><\/div>\n<\/div>\n\n\n\n<div class=\"wp-block-columns is-layout-flex wp-container-core-columns-is-layout-19 wp-block-columns-is-layout-flex\">\n<div class=\"wp-block-column is-layout-flow wp-block-column-is-layout-flow\">\n<div class=\"wp-block-columns is-layout-flex wp-container-core-columns-is-layout-17 wp-block-columns-is-layout-flex\">\n<div class=\"wp-block-column is-layout-flow wp-block-column-is-layout-flow\">\n<div class=\"wp-block-group is-layout-constrained wp-block-group-is-layout-constrained\">\n<div class=\"wp-block-columns alignwide are-vertically-aligned-center is-layout-flex wp-container-core-columns-is-layout-16 wp-block-columns-is-layout-flex\">\n<div class=\"wp-block-column is-layout-flow wp-block-column-is-layout-flow\" style=\"flex-basis:33%\">\n<figure class=\"wp-block-image\"><img loading=\"lazy\" decoding=\"async\" width=\"775\" height=\"1024\" src=\"https:\/\/redinpadeso.org\/wp-content\/uploads\/2025\/12\/WhatsApp-Image-2025-11-27-at-3.26.14-PM-7-775x1024.jpeg\" alt=\"\" class=\"wp-image-5367\" srcset=\"https:\/\/redinpadeso.org\/wp-content\/uploads\/2025\/12\/WhatsApp-Image-2025-11-27-at-3.26.14-PM-7-775x1024.jpeg 775w, https:\/\/redinpadeso.org\/wp-content\/uploads\/2025\/12\/WhatsApp-Image-2025-11-27-at-3.26.14-PM-7-227x300.jpeg 227w, https:\/\/redinpadeso.org\/wp-content\/uploads\/2025\/12\/WhatsApp-Image-2025-11-27-at-3.26.14-PM-7-768x1015.jpeg 768w, https:\/\/redinpadeso.org\/wp-content\/uploads\/2025\/12\/WhatsApp-Image-2025-11-27-at-3.26.14-PM-7.jpeg 864w\" sizes=\"(max-width: 775px) 100vw, 775px\" \/><\/figure>\n<\/div>\n\n\n\n<div class=\"wp-block-column is-layout-flow wp-block-column-is-layout-flow\" style=\"flex-basis:67%\">\n<p>La Mtra. Brillyth Zavala Ceja, estudiante del Doctorado Interinstitucional en Derechos Humanos de la CNDH, y adscrita al Centro de Investigaciones Jur\u00eddicas (CIJ) de la Universidad Aut\u00f3noma de Campeche tuvo una participaci\u00f3n sobresaliente , durante el Coloquio Interinstitucional de Derechos Humanos. Su ponencia present\u00f3 avances de su tesis doctoral sobre transiciones energ\u00e9ticas en M\u00e9xico y Marruecos, articulando justicia energ\u00e9tica, participaci\u00f3n comunitaria y megaproyectos e\u00f3licos en Dzilam de Bravo (Yucat\u00e1n) y Tarfaya (S\u00e1hara marroqu\u00ed). Zavala evidenci\u00f3 rigor metodol\u00f3gico mediante etnograf\u00eda comparativa, historias orales y an\u00e1lisis jur\u00eddico, contrastando la monarqu\u00eda constitucional marroqu\u00ed con la rep\u00fablica mexicana en impactos socioterritoriales.\u200b<br><br>Si quieres saber m\u00e1s acerca del evento pueder consultarlo desde aqu\u00ed:<br><a href=\"https:\/\/opinionesajuicio.com\/marruecoscoloquio\/\" class=\"ek-link\">https:\/\/opinionesajuicio.com\/marruecoscoloquio\/<\/a><\/p>\n\n\n\n<figure class=\"wp-block-image alignleft size-full is-resized\"><img loading=\"lazy\" decoding=\"async\" width=\"1280\" height=\"668\" src=\"https:\/\/redinpadeso.org\/wp-content\/uploads\/2025\/12\/WhatsApp-Image-2025-11-27-at-12.37.20-PM-1.jpeg\" alt=\"\" class=\"wp-image-5369\" style=\"width:342px;height:auto\" srcset=\"https:\/\/redinpadeso.org\/wp-content\/uploads\/2025\/12\/WhatsApp-Image-2025-11-27-at-12.37.20-PM-1.jpeg 1280w, https:\/\/redinpadeso.org\/wp-content\/uploads\/2025\/12\/WhatsApp-Image-2025-11-27-at-12.37.20-PM-1-300x157.jpeg 300w, https:\/\/redinpadeso.org\/wp-content\/uploads\/2025\/12\/WhatsApp-Image-2025-11-27-at-12.37.20-PM-1-1024x534.jpeg 1024w, https:\/\/redinpadeso.org\/wp-content\/uploads\/2025\/12\/WhatsApp-Image-2025-11-27-at-12.37.20-PM-1-768x401.jpeg 768w\" sizes=\"(max-width: 1280px) 100vw, 1280px\" \/><\/figure>\n<\/div>\n<\/div>\n<\/div>\n<\/div>\n<\/div>\n\n\n\n<div class=\"wp-block-columns is-layout-flex wp-container-core-columns-is-layout-18 wp-block-columns-is-layout-flex\">\n<div class=\"wp-block-column is-layout-flow wp-block-column-is-layout-flow\"><\/div>\n<\/div>\n\n\n\n<div class=\"wp-block-media-text is-stacked-on-mobile\" style=\"grid-template-columns:59% auto\"><figure class=\"wp-block-media-text__media\"><img loading=\"lazy\" decoding=\"async\" width=\"1024\" height=\"579\" src=\"https:\/\/redinpadeso.org\/wp-content\/uploads\/2023\/06\/DSC_1913_e-1024x579.jpg\" alt=\"\" class=\"wp-image-2305 size-full\" srcset=\"https:\/\/redinpadeso.org\/wp-content\/uploads\/2023\/06\/DSC_1913_e-1024x579.jpg 1024w, https:\/\/redinpadeso.org\/wp-content\/uploads\/2023\/06\/DSC_1913_e-300x170.jpg 300w, https:\/\/redinpadeso.org\/wp-content\/uploads\/2023\/06\/DSC_1913_e-768x434.jpg 768w, https:\/\/redinpadeso.org\/wp-content\/uploads\/2023\/06\/DSC_1913_e-1536x868.jpg 1536w, https:\/\/redinpadeso.org\/wp-content\/uploads\/2023\/06\/DSC_1913_e-2048x1157.jpg 2048w\" sizes=\"(max-width: 1024px) 100vw, 1024px\" \/><\/figure><div class=\"wp-block-media-text__content\">\n<figure class=\"wp-block-embed is-type-video is-provider-youtube wp-block-embed-youtube wp-embed-aspect-16-9 wp-has-aspect-ratio\"><div class=\"wp-block-embed__wrapper\">\n<iframe loading=\"lazy\" title=\"Intercambio de experiencias M\u00e9xico - Marruecos en la UNICACH\" width=\"500\" height=\"281\" src=\"https:\/\/www.youtube.com\/embed\/uhzXw2xZW0o?feature=oembed\" frameborder=\"0\" allow=\"accelerometer; autoplay; clipboard-write; encrypted-media; gyroscope; picture-in-picture; web-share\" referrerpolicy=\"strict-origin-when-cross-origin\" allowfullscreen><\/iframe>\n<\/div><figcaption class=\"wp-element-caption\">Para generar un espacio de di\u00e1logo te\u00f3rico - pr\u00e1ctico sobre las energ\u00edas renovables basadas en las experiencias y saberes de M\u00e9xico y Marruecos, la Universidad de Ciencias y Artes de Chiapas (UNICACH) realiza el \u201cPrimer coloquio transnacional. Experiencias t\u00e9cnicas y sociales de las energ\u00edas renovables\u201d.<\/figcaption><\/figure>\n<\/div><\/div>\n<\/div>\n<\/div>\n<\/div>\n<\/div>\n\n\n\n<div class=\"wp-block-group is-layout-constrained wp-block-group-is-layout-constrained\">\n<div class=\"wp-block-columns is-layout-flex wp-container-core-columns-is-layout-21 wp-block-columns-is-layout-flex\">\n<div class=\"wp-block-column is-layout-flow wp-block-column-is-layout-flow\">\n<div class=\"wp-block-columns is-layout-flex wp-container-core-columns-is-layout-20 wp-block-columns-is-layout-flex\">\n<div class=\"wp-block-column is-layout-flow wp-block-column-is-layout-flow\">\n<p><strong>SEMINARIOS<\/strong><\/p>\n<\/div>\n<\/div>\n<\/div>\n<\/div>\n<\/div>\n\n\n\n<div class=\"wp-block-group is-layout-constrained wp-block-group-is-layout-constrained\">\n<div class=\"wp-block-columns is-style-gapless is-layout-flex wp-container-core-columns-is-layout-26 wp-block-columns-is-layout-flex\">\n<div class=\"wp-block-column is-vertically-aligned-top is-style-default is-layout-flow wp-block-column-is-layout-flow\" style=\"flex-basis:100%\">\n<div class=\"wp-block-group is-layout-constrained wp-block-group-is-layout-constrained\">\n<div class=\"wp-block-columns is-layout-flex wp-container-core-columns-is-layout-23 wp-block-columns-is-layout-flex\">\n<div class=\"wp-block-column is-layout-flow wp-block-column-is-layout-flow\">\n<div class=\"wp-block-columns is-layout-flex wp-container-core-columns-is-layout-22 wp-block-columns-is-layout-flex\">\n<div class=\"wp-block-column is-layout-flow wp-block-column-is-layout-flow\">\n<p><strong>MESAS REDONDAS\/MESA PANEL<\/strong><\/p>\n<\/div>\n<\/div>\n<\/div>\n<\/div>\n\n\n\n<div class=\"wp-block-columns is-layout-flex wp-container-core-columns-is-layout-25 wp-block-columns-is-layout-flex\">\n<div class=\"wp-block-column is-layout-flow wp-block-column-is-layout-flow\">\n<div class=\"wp-block-columns is-layout-flex wp-container-core-columns-is-layout-24 wp-block-columns-is-layout-flex\">\n<div class=\"wp-block-column is-vertically-aligned-top is-style-orakus-boxshadow is-layout-flow wp-block-column-is-layout-flow\" style=\"flex-basis:50%\">\n<figure class=\"wp-block-image\"><img loading=\"lazy\" decoding=\"async\" width=\"1024\" height=\"1024\" src=\"https:\/\/redinpadeso.org\/wp-content\/uploads\/2025\/10\/WhatsApp-Image-2025-10-29-at-3.39.39-PM-2-1024x1024.jpeg\" alt=\"\" class=\"wp-image-5350\" srcset=\"https:\/\/redinpadeso.org\/wp-content\/uploads\/2025\/10\/WhatsApp-Image-2025-10-29-at-3.39.39-PM-2-1024x1024.jpeg 1024w, https:\/\/redinpadeso.org\/wp-content\/uploads\/2025\/10\/WhatsApp-Image-2025-10-29-at-3.39.39-PM-2-300x300.jpeg 300w, https:\/\/redinpadeso.org\/wp-content\/uploads\/2025\/10\/WhatsApp-Image-2025-10-29-at-3.39.39-PM-2-150x150.jpeg 150w, https:\/\/redinpadeso.org\/wp-content\/uploads\/2025\/10\/WhatsApp-Image-2025-10-29-at-3.39.39-PM-2-768x768.jpeg 768w, https:\/\/redinpadeso.org\/wp-content\/uploads\/2025\/10\/WhatsApp-Image-2025-10-29-at-3.39.39-PM-2.jpeg 1280w\" sizes=\"(max-width: 1024px) 100vw, 1024px\" \/><\/figure>\n<\/div>\n\n\n\n<div class=\"wp-block-column is-layout-flow wp-block-column-is-layout-flow\" style=\"flex-basis:50%\">\n<p>La Universidad Modelo en M\u00e9rida organiz\u00f3 el panel \"Marruecos en M\u00e9xico: Voces del Sur Global frente a la Crisis Clim\u00e1tica\". Acad\u00e9micos y diplom\u00e1ticos de ambos pa\u00edses discutieron c\u00f3mo enfrentar problemas de agua, seguridad alimentaria y transici\u00f3n energ\u00e9tica. El mensaje central: combinar tecnolog\u00eda moderna con pr\u00e1cticas ancestrales de gesti\u00f3n de recursos, y fortalecer la cooperaci\u00f3n Sur-Sur para crear soluciones sostenibles ante la crisis clim\u00e1tica.<br><br>Si quieres saber m\u00e1s acerca del evento pueder consultarlo desde aqu\u00ed:<br><a href=\"https:\/\/opinionesajuicio.com\/morocco-mexico-climate\/\" class=\"ek-link\">https:\/\/opinionesajuicio.com\/morocco-mexico-climate\/<\/a><\/p>\n\n\n\n<p><\/p>\n<\/div>\n<\/div>\n\n\n\n<figure class=\"wp-block-gallery has-nested-images columns-default is-cropped wp-block-gallery-2 is-layout-flex wp-block-gallery-is-layout-flex\">\n<figure class=\"wp-block-image size-large wp-duotone-unset-1\"><img loading=\"lazy\" decoding=\"async\" width=\"1024\" height=\"768\" src=\"https:\/\/redinpadeso.org\/wp-content\/uploads\/2025\/10\/IMG_4696-1024x768.jpg\" alt=\"\" class=\"wp-image-5354\" srcset=\"https:\/\/redinpadeso.org\/wp-content\/uploads\/2025\/10\/IMG_4696-1024x768.jpg 1024w, https:\/\/redinpadeso.org\/wp-content\/uploads\/2025\/10\/IMG_4696-300x225.jpg 300w, https:\/\/redinpadeso.org\/wp-content\/uploads\/2025\/10\/IMG_4696-768x576.jpg 768w, https:\/\/redinpadeso.org\/wp-content\/uploads\/2025\/10\/IMG_4696-1536x1152.jpg 1536w, https:\/\/redinpadeso.org\/wp-content\/uploads\/2025\/10\/IMG_4696-2048x1536.jpg 2048w\" sizes=\"(max-width: 1024px) 100vw, 1024px\" \/><\/figure>\n\n\n\n<figure class=\"wp-block-image size-large\"><img loading=\"lazy\" decoding=\"async\" width=\"1024\" height=\"768\" src=\"https:\/\/redinpadeso.org\/wp-content\/uploads\/2025\/10\/IMG_6383-1024x768.jpg\" alt=\"\" class=\"wp-image-5355\" srcset=\"https:\/\/redinpadeso.org\/wp-content\/uploads\/2025\/10\/IMG_6383-1024x768.jpg 1024w, https:\/\/redinpadeso.org\/wp-content\/uploads\/2025\/10\/IMG_6383-300x225.jpg 300w, https:\/\/redinpadeso.org\/wp-content\/uploads\/2025\/10\/IMG_6383-768x576.jpg 768w, https:\/\/redinpadeso.org\/wp-content\/uploads\/2025\/10\/IMG_6383-1536x1152.jpg 1536w, https:\/\/redinpadeso.org\/wp-content\/uploads\/2025\/10\/IMG_6383-2048x1536.jpg 2048w\" sizes=\"(max-width: 1024px) 100vw, 1024px\" \/><\/figure>\n<\/figure>\n\n\n\n<p><strong>FOROS INTERNACIONALES Y DIPLOMACIAS<\/strong><\/p>\n<\/div>\n<\/div>\n<\/div>\n<\/div>\n<\/div>\n<\/div>\n\n\n\n<div class=\"wp-block-media-text is-stacked-on-mobile\" style=\"grid-template-columns:33% auto\"><figure class=\"wp-block-media-text__media\"><img loading=\"lazy\" decoding=\"async\" width=\"842\" height=\"739\" src=\"https:\/\/redinpadeso.org\/wp-content\/uploads\/2025\/10\/WhatsApp-Image-2025-10-08-at-4.10.03-p.m-2.jpeg\" alt=\"\" class=\"wp-image-5345 size-full\" srcset=\"https:\/\/redinpadeso.org\/wp-content\/uploads\/2025\/10\/WhatsApp-Image-2025-10-08-at-4.10.03-p.m-2.jpeg 842w, https:\/\/redinpadeso.org\/wp-content\/uploads\/2025\/10\/WhatsApp-Image-2025-10-08-at-4.10.03-p.m-2-300x263.jpeg 300w, https:\/\/redinpadeso.org\/wp-content\/uploads\/2025\/10\/WhatsApp-Image-2025-10-08-at-4.10.03-p.m-2-768x674.jpeg 768w\" sizes=\"(max-width: 842px) 100vw, 842px\" \/><\/figure><div class=\"wp-block-media-text__content\">\n<p>Nuestro director, el Dr. Jos\u00e9 Israel Herrera, particip\u00f3 como especialista invitado en la 80\u00aa Sesi\u00f3n de la Cuarta Comisi\u00f3n de la Asamblea General de la ONU en Nueva York. Conoce su llamado a la comunidad internacional para poner fin a los campamentos de Tinduf, proteger a la infancia vulnerable y respaldar el Plan de Autonom\u00eda de Marruecos como la v\u00eda m\u00e1s coherente, realista y pac\u00edfica para la descolonizaci\u00f3n del S\u00e1hara.<br><br>Puede leer el articulo completo desde aqu\u00ed: <br><a href=\"https:\/\/opinionesajuicio.com\/onumarruecos\/\n\" class=\"ek-link\">https:\/\/opinionesajuicio.com\/onumarruecos\/<\/a><\/p>\n<\/div><\/div>\n\n\n\n<div class=\"wp-block-columns is-layout-flex wp-container-core-columns-is-layout-27 wp-block-columns-is-layout-flex\">\n<div class=\"wp-block-column is-layout-flow wp-block-column-is-layout-flow\">\n<div style=\"height:44px\" aria-hidden=\"true\" class=\"wp-block-spacer\"><\/div>\n<\/div>\n<\/div>\n\n\n\n<div class=\"wp-block-group is-layout-constrained wp-block-group-is-layout-constrained\">\n<div class=\"wp-block-columns is-layout-flex wp-container-core-columns-is-layout-29 wp-block-columns-is-layout-flex\">\n<div class=\"wp-block-column is-layout-flow wp-block-column-is-layout-flow\">\n<div class=\"wp-block-columns is-layout-flex wp-container-core-columns-is-layout-28 wp-block-columns-is-layout-flex\">\n<div class=\"wp-block-column is-layout-flow wp-block-column-is-layout-flow\">\n<p class=\"has-large-font-size\"><strong>ACTIVIDADES DE CAMPO<\/strong><\/p>\n<\/div>\n<\/div>\n<\/div>\n<\/div>\n\n\n\n<div class=\"wp-block-group is-layout-constrained wp-block-group-is-layout-constrained\">\n<div class=\"wp-block-columns is-layout-flex wp-container-core-columns-is-layout-31 wp-block-columns-is-layout-flex\">\n<div class=\"wp-block-column is-layout-flow wp-block-column-is-layout-flow\">\n<div class=\"wp-block-columns is-layout-flex wp-container-core-columns-is-layout-30 wp-block-columns-is-layout-flex\">\n<div class=\"wp-block-column is-layout-flow wp-block-column-is-layout-flow\">\n<p><strong>VISITAS DE TRABAJO<\/strong><\/p>\n<\/div>\n<\/div>\n<\/div>\n<\/div>\n\n\n\n<figure class=\"wp-block-gallery has-nested-images columns-default is-cropped wp-block-gallery-3 is-layout-flex wp-block-gallery-is-layout-flex\">\n<figure class=\"wp-block-image size-large\"><img loading=\"lazy\" decoding=\"async\" width=\"1024\" height=\"683\" src=\"https:\/\/redinpadeso.org\/wp-content\/uploads\/2024\/08\/DSC_0726-1024x683.jpg\" alt=\"\" class=\"wp-image-4072\" srcset=\"https:\/\/redinpadeso.org\/wp-content\/uploads\/2024\/08\/DSC_0726-1024x683.jpg 1024w, https:\/\/redinpadeso.org\/wp-content\/uploads\/2024\/08\/DSC_0726-300x200.jpg 300w, https:\/\/redinpadeso.org\/wp-content\/uploads\/2024\/08\/DSC_0726-768x512.jpg 768w, https:\/\/redinpadeso.org\/wp-content\/uploads\/2024\/08\/DSC_0726-1536x1024.jpg 1536w, https:\/\/redinpadeso.org\/wp-content\/uploads\/2024\/08\/DSC_0726-2048x1365.jpg 2048w\" sizes=\"(max-width: 1024px) 100vw, 1024px\" \/><\/figure>\n\n\n\n<figure class=\"wp-block-image size-large\"><img loading=\"lazy\" decoding=\"async\" width=\"1024\" height=\"683\" src=\"https:\/\/redinpadeso.org\/wp-content\/uploads\/2024\/08\/DSC_0732-1024x683.jpg\" alt=\"\" class=\"wp-image-4073\" srcset=\"https:\/\/redinpadeso.org\/wp-content\/uploads\/2024\/08\/DSC_0732-1024x683.jpg 1024w, https:\/\/redinpadeso.org\/wp-content\/uploads\/2024\/08\/DSC_0732-300x200.jpg 300w, https:\/\/redinpadeso.org\/wp-content\/uploads\/2024\/08\/DSC_0732-768x512.jpg 768w, https:\/\/redinpadeso.org\/wp-content\/uploads\/2024\/08\/DSC_0732-1536x1024.jpg 1536w, https:\/\/redinpadeso.org\/wp-content\/uploads\/2024\/08\/DSC_0732-2048x1365.jpg 2048w\" sizes=\"(max-width: 1024px) 100vw, 1024px\" \/><\/figure>\n\n\n\n<figure class=\"wp-block-image size-large\"><img loading=\"lazy\" decoding=\"async\" width=\"1024\" height=\"683\" src=\"https:\/\/redinpadeso.org\/wp-content\/uploads\/2024\/08\/DSC_0739-1024x683.jpg\" alt=\"\" class=\"wp-image-4085\" srcset=\"https:\/\/redinpadeso.org\/wp-content\/uploads\/2024\/08\/DSC_0739-1024x683.jpg 1024w, https:\/\/redinpadeso.org\/wp-content\/uploads\/2024\/08\/DSC_0739-300x200.jpg 300w, https:\/\/redinpadeso.org\/wp-content\/uploads\/2024\/08\/DSC_0739-768x512.jpg 768w, https:\/\/redinpadeso.org\/wp-content\/uploads\/2024\/08\/DSC_0739-1536x1024.jpg 1536w, https:\/\/redinpadeso.org\/wp-content\/uploads\/2024\/08\/DSC_0739-2048x1365.jpg 2048w\" sizes=\"(max-width: 1024px) 100vw, 1024px\" \/><\/figure>\n\n\n\n<figure class=\"wp-block-image size-large\"><img loading=\"lazy\" decoding=\"async\" width=\"1024\" height=\"683\" src=\"https:\/\/redinpadeso.org\/wp-content\/uploads\/2024\/08\/DSC_0757-1024x683.jpg\" alt=\"\" class=\"wp-image-4086\" srcset=\"https:\/\/redinpadeso.org\/wp-content\/uploads\/2024\/08\/DSC_0757-1024x683.jpg 1024w, https:\/\/redinpadeso.org\/wp-content\/uploads\/2024\/08\/DSC_0757-300x200.jpg 300w, https:\/\/redinpadeso.org\/wp-content\/uploads\/2024\/08\/DSC_0757-768x512.jpg 768w, https:\/\/redinpadeso.org\/wp-content\/uploads\/2024\/08\/DSC_0757-1536x1024.jpg 1536w, https:\/\/redinpadeso.org\/wp-content\/uploads\/2024\/08\/DSC_0757-2048x1365.jpg 2048w\" sizes=\"(max-width: 1024px) 100vw, 1024px\" \/><\/figure>\n\n\n\n<figure class=\"wp-block-image size-large\"><img loading=\"lazy\" decoding=\"async\" width=\"1024\" height=\"683\" src=\"https:\/\/redinpadeso.org\/wp-content\/uploads\/2024\/08\/DSC_0852-1024x683.jpg\" alt=\"\" class=\"wp-image-4136\" srcset=\"https:\/\/redinpadeso.org\/wp-content\/uploads\/2024\/08\/DSC_0852-1024x683.jpg 1024w, https:\/\/redinpadeso.org\/wp-content\/uploads\/2024\/08\/DSC_0852-300x200.jpg 300w, https:\/\/redinpadeso.org\/wp-content\/uploads\/2024\/08\/DSC_0852-768x512.jpg 768w, https:\/\/redinpadeso.org\/wp-content\/uploads\/2024\/08\/DSC_0852-1536x1024.jpg 1536w, https:\/\/redinpadeso.org\/wp-content\/uploads\/2024\/08\/DSC_0852-2048x1365.jpg 2048w\" sizes=\"(max-width: 1024px) 100vw, 1024px\" \/><\/figure>\n\n\n\n<figure class=\"wp-block-image size-large\"><img loading=\"lazy\" decoding=\"async\" width=\"1024\" height=\"683\" src=\"https:\/\/redinpadeso.org\/wp-content\/uploads\/2024\/08\/DSC_0811-1024x683.jpg\" alt=\"\" class=\"wp-image-4135\" srcset=\"https:\/\/redinpadeso.org\/wp-content\/uploads\/2024\/08\/DSC_0811-1024x683.jpg 1024w, https:\/\/redinpadeso.org\/wp-content\/uploads\/2024\/08\/DSC_0811-300x200.jpg 300w, https:\/\/redinpadeso.org\/wp-content\/uploads\/2024\/08\/DSC_0811-768x512.jpg 768w, https:\/\/redinpadeso.org\/wp-content\/uploads\/2024\/08\/DSC_0811-1536x1024.jpg 1536w, https:\/\/redinpadeso.org\/wp-content\/uploads\/2024\/08\/DSC_0811-2048x1365.jpg 2048w\" sizes=\"(max-width: 1024px) 100vw, 1024px\" \/><\/figure>\n\n\n\n<figure class=\"wp-block-image size-large\"><img loading=\"lazy\" decoding=\"async\" width=\"1024\" height=\"683\" src=\"https:\/\/redinpadeso.org\/wp-content\/uploads\/2024\/08\/DSC_0952-1024x683.jpg\" alt=\"\" class=\"wp-image-4162\" srcset=\"https:\/\/redinpadeso.org\/wp-content\/uploads\/2024\/08\/DSC_0952-1024x683.jpg 1024w, https:\/\/redinpadeso.org\/wp-content\/uploads\/2024\/08\/DSC_0952-300x200.jpg 300w, https:\/\/redinpadeso.org\/wp-content\/uploads\/2024\/08\/DSC_0952-768x512.jpg 768w, https:\/\/redinpadeso.org\/wp-content\/uploads\/2024\/08\/DSC_0952-1536x1024.jpg 1536w, https:\/\/redinpadeso.org\/wp-content\/uploads\/2024\/08\/DSC_0952-2048x1365.jpg 2048w\" sizes=\"(max-width: 1024px) 100vw, 1024px\" \/><\/figure>\n\n\n\n<figure class=\"wp-block-image size-large\"><img loading=\"lazy\" decoding=\"async\" width=\"1024\" height=\"683\" src=\"https:\/\/redinpadeso.org\/wp-content\/uploads\/2024\/08\/DSC_0945-1024x683.jpg\" alt=\"\" class=\"wp-image-4161\" srcset=\"https:\/\/redinpadeso.org\/wp-content\/uploads\/2024\/08\/DSC_0945-1024x683.jpg 1024w, https:\/\/redinpadeso.org\/wp-content\/uploads\/2024\/08\/DSC_0945-300x200.jpg 300w, https:\/\/redinpadeso.org\/wp-content\/uploads\/2024\/08\/DSC_0945-768x512.jpg 768w, https:\/\/redinpadeso.org\/wp-content\/uploads\/2024\/08\/DSC_0945-1536x1024.jpg 1536w, https:\/\/redinpadeso.org\/wp-content\/uploads\/2024\/08\/DSC_0945-2048x1365.jpg 2048w\" sizes=\"(max-width: 1024px) 100vw, 1024px\" \/><\/figure>\n\n\n\n<figure class=\"wp-block-image size-large\"><img loading=\"lazy\" decoding=\"async\" width=\"1024\" height=\"683\" src=\"https:\/\/redinpadeso.org\/wp-content\/uploads\/2024\/08\/DSC_0767-1024x683.jpg\" alt=\"\" class=\"wp-image-4087\" srcset=\"https:\/\/redinpadeso.org\/wp-content\/uploads\/2024\/08\/DSC_0767-1024x683.jpg 1024w, https:\/\/redinpadeso.org\/wp-content\/uploads\/2024\/08\/DSC_0767-300x200.jpg 300w, https:\/\/redinpadeso.org\/wp-content\/uploads\/2024\/08\/DSC_0767-768x512.jpg 768w, https:\/\/redinpadeso.org\/wp-content\/uploads\/2024\/08\/DSC_0767-1536x1024.jpg 1536w, https:\/\/redinpadeso.org\/wp-content\/uploads\/2024\/08\/DSC_0767-2048x1365.jpg 2048w\" sizes=\"(max-width: 1024px) 100vw, 1024px\" \/><\/figure>\n\n\n\n<figure class=\"wp-block-image size-large\"><img loading=\"lazy\" decoding=\"async\" width=\"1024\" height=\"683\" src=\"https:\/\/redinpadeso.org\/wp-content\/uploads\/2024\/08\/DSC_0775-1024x683.jpg\" alt=\"\" class=\"wp-image-4088\" srcset=\"https:\/\/redinpadeso.org\/wp-content\/uploads\/2024\/08\/DSC_0775-1024x683.jpg 1024w, https:\/\/redinpadeso.org\/wp-content\/uploads\/2024\/08\/DSC_0775-300x200.jpg 300w, https:\/\/redinpadeso.org\/wp-content\/uploads\/2024\/08\/DSC_0775-768x512.jpg 768w, https:\/\/redinpadeso.org\/wp-content\/uploads\/2024\/08\/DSC_0775-1536x1024.jpg 1536w, https:\/\/redinpadeso.org\/wp-content\/uploads\/2024\/08\/DSC_0775-2048x1365.jpg 2048w\" sizes=\"(max-width: 1024px) 100vw, 1024px\" \/><\/figure>\n\n\n\n<figure class=\"wp-block-image size-large\"><img loading=\"lazy\" decoding=\"async\" width=\"1024\" height=\"582\" src=\"https:\/\/redinpadeso.org\/wp-content\/uploads\/2024\/08\/cropped-DSC_0739-scaled-1-1024x582.jpg\" alt=\"\" class=\"wp-image-4089\" srcset=\"https:\/\/redinpadeso.org\/wp-content\/uploads\/2024\/08\/cropped-DSC_0739-scaled-1-1024x582.jpg 1024w, https:\/\/redinpadeso.org\/wp-content\/uploads\/2024\/08\/cropped-DSC_0739-scaled-1-300x171.jpg 300w, https:\/\/redinpadeso.org\/wp-content\/uploads\/2024\/08\/cropped-DSC_0739-scaled-1-768x437.jpg 768w, https:\/\/redinpadeso.org\/wp-content\/uploads\/2024\/08\/cropped-DSC_0739-scaled-1-1536x873.jpg 1536w, https:\/\/redinpadeso.org\/wp-content\/uploads\/2024\/08\/cropped-DSC_0739-scaled-1-2048x1164.jpg 2048w\" sizes=\"(max-width: 1024px) 100vw, 1024px\" \/><\/figure>\n\n\n\n<figure class=\"wp-block-image size-large\"><img loading=\"lazy\" decoding=\"async\" width=\"1024\" height=\"683\" src=\"https:\/\/redinpadeso.org\/wp-content\/uploads\/2024\/08\/DSC_0794-1024x683.jpg\" alt=\"\" class=\"wp-image-4134\" srcset=\"https:\/\/redinpadeso.org\/wp-content\/uploads\/2024\/08\/DSC_0794-1024x683.jpg 1024w, https:\/\/redinpadeso.org\/wp-content\/uploads\/2024\/08\/DSC_0794-300x200.jpg 300w, https:\/\/redinpadeso.org\/wp-content\/uploads\/2024\/08\/DSC_0794-768x512.jpg 768w, https:\/\/redinpadeso.org\/wp-content\/uploads\/2024\/08\/DSC_0794-1536x1024.jpg 1536w, https:\/\/redinpadeso.org\/wp-content\/uploads\/2024\/08\/DSC_0794-2048x1365.jpg 2048w\" sizes=\"(max-width: 1024px) 100vw, 1024px\" \/><\/figure>\n\n\n\n<figure class=\"wp-block-image size-large\"><img loading=\"lazy\" decoding=\"async\" width=\"1024\" height=\"683\" src=\"https:\/\/redinpadeso.org\/wp-content\/uploads\/2024\/08\/DSC_0913-1024x683.jpg\" alt=\"\" class=\"wp-image-4159\" srcset=\"https:\/\/redinpadeso.org\/wp-content\/uploads\/2024\/08\/DSC_0913-1024x683.jpg 1024w, https:\/\/redinpadeso.org\/wp-content\/uploads\/2024\/08\/DSC_0913-300x200.jpg 300w, https:\/\/redinpadeso.org\/wp-content\/uploads\/2024\/08\/DSC_0913-768x512.jpg 768w, https:\/\/redinpadeso.org\/wp-content\/uploads\/2024\/08\/DSC_0913-1536x1024.jpg 1536w, https:\/\/redinpadeso.org\/wp-content\/uploads\/2024\/08\/DSC_0913-2048x1365.jpg 2048w\" sizes=\"(max-width: 1024px) 100vw, 1024px\" \/><\/figure>\n\n\n\n<figure class=\"wp-block-image size-large\"><img loading=\"lazy\" decoding=\"async\" width=\"1024\" height=\"683\" src=\"https:\/\/redinpadeso.org\/wp-content\/uploads\/2024\/08\/DSC_0915-1024x683.jpg\" alt=\"\" class=\"wp-image-4160\" srcset=\"https:\/\/redinpadeso.org\/wp-content\/uploads\/2024\/08\/DSC_0915-1024x683.jpg 1024w, https:\/\/redinpadeso.org\/wp-content\/uploads\/2024\/08\/DSC_0915-300x200.jpg 300w, https:\/\/redinpadeso.org\/wp-content\/uploads\/2024\/08\/DSC_0915-768x512.jpg 768w, https:\/\/redinpadeso.org\/wp-content\/uploads\/2024\/08\/DSC_0915-1536x1024.jpg 1536w, https:\/\/redinpadeso.org\/wp-content\/uploads\/2024\/08\/DSC_0915-2048x1365.jpg 2048w\" sizes=\"(max-width: 1024px) 100vw, 1024px\" \/><\/figure>\n\n\n\n<figure class=\"wp-block-image size-large\"><img loading=\"lazy\" decoding=\"async\" width=\"1024\" height=\"683\" src=\"https:\/\/redinpadeso.org\/wp-content\/uploads\/2024\/08\/DSC_0143-1024x683.jpg\" alt=\"\" class=\"wp-image-4174\" srcset=\"https:\/\/redinpadeso.org\/wp-content\/uploads\/2024\/08\/DSC_0143-1024x683.jpg 1024w, https:\/\/redinpadeso.org\/wp-content\/uploads\/2024\/08\/DSC_0143-300x200.jpg 300w, https:\/\/redinpadeso.org\/wp-content\/uploads\/2024\/08\/DSC_0143-768x512.jpg 768w, https:\/\/redinpadeso.org\/wp-content\/uploads\/2024\/08\/DSC_0143-1536x1024.jpg 1536w, https:\/\/redinpadeso.org\/wp-content\/uploads\/2024\/08\/DSC_0143-2048x1365.jpg 2048w\" sizes=\"(max-width: 1024px) 100vw, 1024px\" \/><\/figure>\n\n\n\n<figure class=\"wp-block-image size-large\"><img loading=\"lazy\" decoding=\"async\" width=\"1024\" height=\"683\" src=\"https:\/\/redinpadeso.org\/wp-content\/uploads\/2024\/08\/DSC_0144-1024x683.jpg\" alt=\"\" class=\"wp-image-4175\" srcset=\"https:\/\/redinpadeso.org\/wp-content\/uploads\/2024\/08\/DSC_0144-1024x683.jpg 1024w, https:\/\/redinpadeso.org\/wp-content\/uploads\/2024\/08\/DSC_0144-300x200.jpg 300w, https:\/\/redinpadeso.org\/wp-content\/uploads\/2024\/08\/DSC_0144-768x512.jpg 768w, https:\/\/redinpadeso.org\/wp-content\/uploads\/2024\/08\/DSC_0144-1536x1024.jpg 1536w, https:\/\/redinpadeso.org\/wp-content\/uploads\/2024\/08\/DSC_0144-2048x1365.jpg 2048w\" sizes=\"(max-width: 1024px) 100vw, 1024px\" \/><\/figure>\n\n\n\n<figure class=\"wp-block-image size-large\"><img loading=\"lazy\" decoding=\"async\" width=\"768\" height=\"1024\" src=\"https:\/\/redinpadeso.org\/wp-content\/uploads\/2024\/08\/imagen_2024-08-15_162844480-768x1024.png\" alt=\"\" class=\"wp-image-4188\" srcset=\"https:\/\/redinpadeso.org\/wp-content\/uploads\/2024\/08\/imagen_2024-08-15_162844480-768x1024.png 768w, https:\/\/redinpadeso.org\/wp-content\/uploads\/2024\/08\/imagen_2024-08-15_162844480-225x300.png 225w, https:\/\/redinpadeso.org\/wp-content\/uploads\/2024\/08\/imagen_2024-08-15_162844480-1152x1536.png 1152w, https:\/\/redinpadeso.org\/wp-content\/uploads\/2024\/08\/imagen_2024-08-15_162844480-1536x2048.png 1536w\" sizes=\"(max-width: 768px) 100vw, 768px\" \/><\/figure>\n\n\n\n<figure class=\"wp-block-image size-large\"><img loading=\"lazy\" decoding=\"async\" width=\"1024\" height=\"768\" src=\"https:\/\/redinpadeso.org\/wp-content\/uploads\/2024\/08\/imagen_2024-08-15_163602764-1024x768.png\" alt=\"\" class=\"wp-image-4189\" srcset=\"https:\/\/redinpadeso.org\/wp-content\/uploads\/2024\/08\/imagen_2024-08-15_163602764-1024x768.png 1024w, https:\/\/redinpadeso.org\/wp-content\/uploads\/2024\/08\/imagen_2024-08-15_163602764-300x225.png 300w, https:\/\/redinpadeso.org\/wp-content\/uploads\/2024\/08\/imagen_2024-08-15_163602764-768x576.png 768w, https:\/\/redinpadeso.org\/wp-content\/uploads\/2024\/08\/imagen_2024-08-15_163602764.png 1280w\" sizes=\"(max-width: 1024px) 100vw, 1024px\" \/><\/figure>\n\n\n\n<figure class=\"wp-block-image size-large\"><img loading=\"lazy\" decoding=\"async\" width=\"1024\" height=\"587\" src=\"https:\/\/redinpadeso.org\/wp-content\/uploads\/2024\/08\/cropped-imagen_2024-08-15_162844480-1024x587.png\" alt=\"\" class=\"wp-image-4201\" srcset=\"https:\/\/redinpadeso.org\/wp-content\/uploads\/2024\/08\/cropped-imagen_2024-08-15_162844480-1024x587.png 1024w, https:\/\/redinpadeso.org\/wp-content\/uploads\/2024\/08\/cropped-imagen_2024-08-15_162844480-300x172.png 300w, https:\/\/redinpadeso.org\/wp-content\/uploads\/2024\/08\/cropped-imagen_2024-08-15_162844480-768x440.png 768w, https:\/\/redinpadeso.org\/wp-content\/uploads\/2024\/08\/cropped-imagen_2024-08-15_162844480-1536x881.png 1536w, https:\/\/redinpadeso.org\/wp-content\/uploads\/2024\/08\/cropped-imagen_2024-08-15_162844480-2048x1174.png 2048w\" sizes=\"(max-width: 1024px) 100vw, 1024px\" \/><\/figure>\n\n\n\n<figure class=\"wp-block-image size-large\"><img loading=\"lazy\" decoding=\"async\" width=\"811\" height=\"597\" src=\"https:\/\/redinpadeso.org\/wp-content\/uploads\/2024\/08\/imagen_2024-08-15_164241136.png\" alt=\"\" class=\"wp-image-4202\" srcset=\"https:\/\/redinpadeso.org\/wp-content\/uploads\/2024\/08\/imagen_2024-08-15_164241136.png 811w, https:\/\/redinpadeso.org\/wp-content\/uploads\/2024\/08\/imagen_2024-08-15_164241136-300x221.png 300w, https:\/\/redinpadeso.org\/wp-content\/uploads\/2024\/08\/imagen_2024-08-15_164241136-768x565.png 768w\" sizes=\"(max-width: 811px) 100vw, 811px\" \/><\/figure>\n\n\n\n<figure class=\"wp-block-image size-large\"><img loading=\"lazy\" decoding=\"async\" width=\"1024\" height=\"683\" src=\"https:\/\/redinpadeso.org\/wp-content\/uploads\/2024\/08\/DSC_0270-1024x683.jpg\" alt=\"\" class=\"wp-image-4205\" srcset=\"https:\/\/redinpadeso.org\/wp-content\/uploads\/2024\/08\/DSC_0270-1024x683.jpg 1024w, https:\/\/redinpadeso.org\/wp-content\/uploads\/2024\/08\/DSC_0270-300x200.jpg 300w, https:\/\/redinpadeso.org\/wp-content\/uploads\/2024\/08\/DSC_0270-768x512.jpg 768w, https:\/\/redinpadeso.org\/wp-content\/uploads\/2024\/08\/DSC_0270-1536x1024.jpg 1536w, https:\/\/redinpadeso.org\/wp-content\/uploads\/2024\/08\/DSC_0270-2048x1365.jpg 2048w\" sizes=\"(max-width: 1024px) 100vw, 1024px\" \/><\/figure>\n\n\n\n<figure class=\"wp-block-image size-large\"><img loading=\"lazy\" decoding=\"async\" width=\"376\" height=\"502\" src=\"https:\/\/redinpadeso.org\/wp-content\/uploads\/2024\/08\/imagen_2024-08-15_164850725.png\" alt=\"\" class=\"wp-image-4206\" srcset=\"https:\/\/redinpadeso.org\/wp-content\/uploads\/2024\/08\/imagen_2024-08-15_164850725.png 376w, https:\/\/redinpadeso.org\/wp-content\/uploads\/2024\/08\/imagen_2024-08-15_164850725-225x300.png 225w\" sizes=\"(max-width: 376px) 100vw, 376px\" \/><\/figure>\n\n\n\n<figure class=\"wp-block-image size-large\"><img loading=\"lazy\" decoding=\"async\" width=\"684\" height=\"308\" src=\"https:\/\/redinpadeso.org\/wp-content\/uploads\/2024\/08\/imagen_2024-08-15_165406352.png\" alt=\"\" class=\"wp-image-4208\" srcset=\"https:\/\/redinpadeso.org\/wp-content\/uploads\/2024\/08\/imagen_2024-08-15_165406352.png 684w, https:\/\/redinpadeso.org\/wp-content\/uploads\/2024\/08\/imagen_2024-08-15_165406352-300x135.png 300w\" sizes=\"(max-width: 684px) 100vw, 684px\" \/><\/figure>\n\n\n\n<figure class=\"wp-block-image size-large\"><img loading=\"lazy\" decoding=\"async\" width=\"211\" height=\"467\" src=\"https:\/\/redinpadeso.org\/wp-content\/uploads\/2024\/08\/imagen_2024-08-15_165442422.png\" alt=\"\" class=\"wp-image-4209\" srcset=\"https:\/\/redinpadeso.org\/wp-content\/uploads\/2024\/08\/imagen_2024-08-15_165442422.png 211w, https:\/\/redinpadeso.org\/wp-content\/uploads\/2024\/08\/imagen_2024-08-15_165442422-136x300.png 136w\" sizes=\"(max-width: 211px) 100vw, 211px\" \/><\/figure>\n\n\n\n<figure class=\"wp-block-image size-large\"><img loading=\"lazy\" decoding=\"async\" width=\"768\" height=\"1024\" src=\"https:\/\/redinpadeso.org\/wp-content\/uploads\/2024\/08\/WhatsApp-Image-2024-08-15-at-16.57.23-768x1024.jpeg\" alt=\"\" class=\"wp-image-4254\" srcset=\"https:\/\/redinpadeso.org\/wp-content\/uploads\/2024\/08\/WhatsApp-Image-2024-08-15-at-16.57.23-768x1024.jpeg 768w, https:\/\/redinpadeso.org\/wp-content\/uploads\/2024\/08\/WhatsApp-Image-2024-08-15-at-16.57.23-225x300.jpeg 225w, https:\/\/redinpadeso.org\/wp-content\/uploads\/2024\/08\/WhatsApp-Image-2024-08-15-at-16.57.23-1152x1536.jpeg 1152w, https:\/\/redinpadeso.org\/wp-content\/uploads\/2024\/08\/WhatsApp-Image-2024-08-15-at-16.57.23.jpeg 1200w\" sizes=\"(max-width: 768px) 100vw, 768px\" \/><\/figure>\n<\/figure>\n\n\n\n<div class=\"wp-block-columns is-layout-flex wp-container-core-columns-is-layout-32 wp-block-columns-is-layout-flex\">\n<div class=\"wp-block-column is-layout-flow wp-block-column-is-layout-flow\"><\/div>\n<\/div>\n\n\n\n<div class=\"wp-block-columns is-layout-flex wp-container-core-columns-is-layout-34 wp-block-columns-is-layout-flex\">\n<div class=\"wp-block-column is-layout-flow wp-block-column-is-layout-flow\">\n<div class=\"wp-block-columns is-layout-flex wp-container-core-columns-is-layout-33 wp-block-columns-is-layout-flex\">\n<div class=\"wp-block-column is-layout-flow wp-block-column-is-layout-flow\">\n<p><strong>VISITAS T\u00c9CNICAS<\/strong><\/p>\n<\/div>\n<\/div>\n<\/div>\n<\/div>\n\n\n\n<div class=\"wp-block-columns is-layout-flex wp-container-core-columns-is-layout-35 wp-block-columns-is-layout-flex\">\n<div class=\"wp-block-column is-layout-flow wp-block-column-is-layout-flow\">\n<div class=\"wp-block-media-text is-stacked-on-mobile\"><figure class=\"wp-block-media-text__media\"><\/figure><div class=\"wp-block-media-text__content\">\n<p><\/p>\n<\/div><\/div>\n<\/div>\n<\/div>\n<\/div>\n<\/div>\n\n\n\n<div class=\"wp-block-group alignfull is-layout-constrained wp-container-core-group-is-layout-12 wp-block-group-is-layout-constrained\" style=\"margin-top:0;margin-bottom:0;padding-top:0;padding-right:0;padding-bottom:0;padding-left:0\">\n<div class=\"wp-block-buttons is-layout-flex wp-block-buttons-is-layout-flex\" style=\"margin-top:0;margin-bottom:0\">\n<div class=\"wp-block-button orakus-scrollto-top is-style-button-hover-secondary-bgcolor\"><a class=\"wp-block-button__link has-foregound-alt-color has-primary-background-color has-text-color has-background wp-element-button\" style=\"border-radius:50%\">Scroll to Top<\/a><\/div>\n<\/div>\n<\/div>\n\n\n\n<div class=\"wp-block-columns is-layout-flex wp-container-core-columns-is-layout-36 wp-block-columns-is-layout-flex\">\n<div class=\"wp-block-column is-layout-flow wp-block-column-is-layout-flow\"><\/div>\n<\/div>\n","protected":false},"excerpt":{"rendered":"<p>EVENTOS VIRTUALES WEBINARS WEBINAR &#8220;Di\u00e1logo sobre gastronom\u00eda entre M\u00e9xico y Marruecos. Sabores, aromas y cultura.&#8221; PARTICIPANTES Dra. Gertrudis Guzm\u00e1n Dra. Amina El Mekaoui FECHA 7 de junio de 2025 WEBINAR&#8230;<\/p>\n","protected":false},"author":2,"featured_media":0,"parent":0,"menu_order":0,"comment_status":"closed","ping_status":"closed","template":"plantilla-de-actividades","meta":{"_editorskit_title_hidden":false,"_editorskit_reading_time":0,"_editorskit_is_block_options_detached":false,"_editorskit_block_options_position":"{}","om_disable_all_campaigns":false,"_mi_skip_tracking":false,"_EventAllDay":false,"_EventTimezone":"","_EventStartDate":"","_EventEndDate":"","_EventStartDateUTC":"","_EventEndDateUTC":"","_EventShowMap":false,"_EventShowMapLink":false,"_EventURL":"","_EventCost":"","_EventCostDescription":"","_EventCurrencySymbol":"","_EventCurrencyCode":"","_EventCurrencyPosition":"","_EventDateTimeSeparator":"","_EventTimeRangeSeparator":"","_EventOrganizerID":[],"_EventVenueID":[],"_OrganizerEmail":"","_OrganizerPhone":"","_OrganizerWebsite":"","_VenueAddress":"","_VenueCity":"","_VenueCountry":"","_VenueProvince":"","_VenueState":"","_VenueZip":"","_VenuePhone":"","_VenueURL":"","_VenueStateProvince":"","_VenueLat":"","_VenueLng":"","_VenueShowMap":false,"_VenueShowMapLink":false,"footnotes":""},"aioseo_notices":[],"_links":{"self":[{"href":"https:\/\/redinpadeso.org\/index.php\/wp-json\/wp\/v2\/pages\/3405"}],"collection":[{"href":"https:\/\/redinpadeso.org\/index.php\/wp-json\/wp\/v2\/pages"}],"about":[{"href":"https:\/\/redinpadeso.org\/index.php\/wp-json\/wp\/v2\/types\/page"}],"author":[{"embeddable":true,"href":"https:\/\/redinpadeso.org\/index.php\/wp-json\/wp\/v2\/users\/2"}],"replies":[{"embeddable":true,"href":"https:\/\/redinpadeso.org\/index.php\/wp-json\/wp\/v2\/comments?post=3405"}],"version-history":[{"count":51,"href":"https:\/\/redinpadeso.org\/index.php\/wp-json\/wp\/v2\/pages\/3405\/revisions"}],"predecessor-version":[{"id":5379,"href":"https:\/\/redinpadeso.org\/index.php\/wp-json\/wp\/v2\/pages\/3405\/revisions\/5379"}],"wp:attachment":[{"href":"https:\/\/redinpadeso.org\/index.php\/wp-json\/wp\/v2\/media?parent=3405"}],"curies":[{"name":"wp","href":"https:\/\/api.w.org\/{rel}","templated":true}]}}